{"id":805,"date":"2024-04-24T08:47:00","date_gmt":"2024-04-24T12:47:00","guid":{"rendered":"https:\/\/reseausommeil.ca\/?post_type=mec-events&#038;p=805"},"modified":"2025-01-06T09:21:09","modified_gmt":"2025-01-06T14:21:09","slug":"conference-1-970-649","status":"publish","type":"mec-events","link":"https:\/\/reseausommeil.ca\/en\/events\/conference-1-970-649\/","title":{"rendered":"Somnoclub - Sleep, occupational health and safety and atypical working hours"},"content":{"rendered":"<p class=\"xmsonormal\"><span lang=\"FR-CA\">Le R\u00e9seau qu\u00e9b\u00e9cois de recherche sur le sommeil vous invite \u00e0 une conf\u00e9rence du Somnoclub!<\/span><\/p>\n<p>Lieu : En virtuel par Zoom d\u00e8s 17h30.<\/p>\n<p><span lang=\"FR-CA\">Conf\u00e9renci\u00e8res :<\/span><\/p>\n<ul>\n<li><span lang=\"FR-CA\">M\u00e9lanie Lefran\u00e7ois, professeure en sant\u00e9 et s\u00e9curit\u00e9 au travail, \u00c9cole des sciences de la gestion de l\u2019Universit\u00e9 du Qu\u00e9bec \u00e0 Montr\u00e9al.<\/span><\/li>\n<li><span lang=\"FR-CA\">Annie Valli\u00e8res, psychologue et chercheuse, Universit\u00e9 Laval<br \/>\n<\/span><\/li>\n<\/ul>\n<p>Mod\u00e9ratrice : Roxanne Poulin, doctorante \u00e0 l&rsquo;\u00c9cole des sciences de la gestion de l&rsquo;Universit\u00e9 du Qu\u00e9bec \u00e0 Montr\u00e9al<\/p>\n<p>Objectifs p\u00e9dagogiques sp\u00e9cifiques :<\/p>\n<ul>\n<li>Mieux comprendre le travail en horaires atypiques, ses formes et dimensions (stabilit\u00e9, pr\u00e9visibilit\u00e9, dur\u00e9e et moment du quart)<\/li>\n<li>Diff\u00e9rencier ces dimensions afin de poser des questions cibl\u00e9es aux patients expos\u00e9s \u00e0 des horaires atypiques<\/li>\n<li>\u00c9valuer les probl\u00e8mes de sant\u00e9 v\u00e9cus en raison des horaires en vue de recommander des solutions.<\/li>\n<\/ul>\n<p>Public cible : Intervenants en soins de premi\u00e8re ligne, neurologues, pneumologues, psychiatres, psychologues, chercheur.e.s ayant un int\u00e9r\u00eat pour les sciences cliniques, technologues travaillant en clinique du sommeil.<\/p>\n<p>Veuillez noter qu&rsquo;exceptionnellement, cette conf\u00e9rence ne sera pas disponible en rediffusion.<\/p>\n<h3>Activit\u00e9 de d\u00e9veloppement professionnel reconnue<\/h3>\n<p>La pr\u00e9sente activit\u00e9 est une activit\u00e9 de formation collective agr\u00e9\u00e9e (section 1) au sens que lui donne le programme de Maintien du certificat (MDC) du Coll\u00e8ge royal des m\u00e9decins et chirurgiens du Canada ainsi qu\u2019une activit\u00e9 de d\u00e9veloppement professionnel reconnue (cat\u00e9gorie A) au sens que lui donne le Coll\u00e8ge des m\u00e9decins du Qu\u00e9bec. Cette activit\u00e9 a \u00e9t\u00e9 approuv\u00e9e par la direction de D\u00e9veloppement professionnel continu (DDPC) de la F\u00e9d\u00e9ration des m\u00e9decins sp\u00e9cialistes du Qu\u00e9bec.<\/p>\n<p>Vous pouvez d\u00e9clarer un maximum de 1 heure en section 1 \/ activit\u00e9 de d\u00e9veloppement professionnel reconnue (cat\u00e9gorie A). Les participants doivent r\u00e9clamer un nombre d\u2019heures conforme \u00e0 la dur\u00e9e de leur participation.<\/p>\n<h3>Le Somnoclub<\/h3>\n<p><span lang=\"FR-CA\">Le Somnoclub est une s\u00e9rie de rencontres \u00e9ducatives interprofessionnelles organis\u00e9es par le R\u00e9seau qu\u00e9b\u00e9cois de recherche sur le sommeil permettant le partage d\u2019expertise sur les troubles du sommeil. Les objectifs du Somnoclub sont d&rsquo;effectuer une mise \u00e0 jour sur les meilleures pratiques cliniques en m\u00e9decine du sommeil ainsi que de discuter des r\u00e9centes donn\u00e9es probantes issues de la litt\u00e9rature et des meilleures pratiques pour la prise en charge des pathologies du sommeil avec les coll\u00e8gues de toutes les disciplines concern\u00e9es. Chaque activit\u00e9 consistera en une pr\u00e9sentation d\u2019environ 45 minutes suivie d\u2019une p\u00e9riode de questions et de discussion de 15 minutes. Une attestation de pr\u00e9sence sera remise aux participants.<br \/>\n<\/span><\/p>\n<h3>Comit\u00e9 scientifique du Somnoclub<\/h3>\n<p>Dr Alex Desautels, neurologue<br \/>\nDr Vincent Jobin, pneumologue<br \/>\nDre Annie Christine Lajoie, pneumologue<br \/>\nDre Nadia Gosselin, neuropsychologue<br \/>\nH\u00e9l\u00e8ne Blais, technologue en \u00e9lectrophysiologie m\u00e9dicale<\/p>\n<h3>Comit\u00e9 organisateur du Somnoclub<\/h3>\n<p>H\u00e9l\u00e8ne Blais, technologue en \u00e9lectrophysiologie m\u00e9dicale<br \/>\nTyna Paquette, coordonnatrice du R\u00e9seau Sommeil<\/p>\n<p>Cette activit\u00e9 b\u00e9n\u00e9ficie d\u2019une subvention \u00e0 vis\u00e9e \u00e9ducative de Jazz Pharmaceuticals, Inc.<\/p>","protected":false},"excerpt":{"rendered":"<p>Conference not available for replay.<\/p>","protected":false},"author":1,"featured_media":2627,"comment_status":"closed","ping_status":"closed","template":"","tags":[20],"mec_category":[7,12],"class_list":{"0":"post-805","1":"mec-events","2":"type-mec-events","3":"status-publish","4":"has-post-thumbnail","6":"tag-termine","7":"mec_category-somnoclub","8":"mec_category-sst"},"acf":[],"_links":{"self":[{"href":"https:\/\/reseausommeil.ca\/en\/wp-json\/wp\/v2\/mec-events\/805","targetHints":{"allow":["GET"]}}],"collection":[{"href":"https:\/\/reseausommeil.ca\/en\/wp-json\/wp\/v2\/mec-events"}],"about":[{"href":"https:\/\/reseausommeil.ca\/en\/wp-json\/wp\/v2\/types\/mec-events"}],"author":[{"embeddable":true,"href":"https:\/\/reseausommeil.ca\/en\/wp-json\/wp\/v2\/users\/1"}],"replies":[{"embeddable":true,"href":"https:\/\/reseausommeil.ca\/en\/wp-json\/wp\/v2\/comments?post=805"}],"wp:featuredmedia":[{"embeddable":true,"href":"https:\/\/reseausommeil.ca\/en\/wp-json\/wp\/v2\/media\/2627"}],"wp:attachment":[{"href":"https:\/\/reseausommeil.ca\/en\/wp-json\/wp\/v2\/media?parent=805"}],"wp:term":[{"taxonomy":"post_tag","embeddable":true,"href":"https:\/\/reseausommeil.ca\/en\/wp-json\/wp\/v2\/tags?post=805"},{"taxonomy":"mec_category","embeddable":true,"href":"https:\/\/reseausommeil.ca\/en\/wp-json\/wp\/v2\/mec_category?post=805"}],"curies":[{"name":"wp","href":"https:\/\/api.w.org\/{rel}","templated":true}]}}