{"id":2564,"date":"2025-03-26T14:49:02","date_gmt":"2025-03-26T18:49:02","guid":{"rendered":"https:\/\/reseausommeil.ca\/?post_type=mec-events&#038;p=2564"},"modified":"2025-03-27T09:11:23","modified_gmt":"2025-03-27T13:11:23","slug":"somnoclub-10","status":"publish","type":"mec-events","link":"https:\/\/reseausommeil.ca\/en\/events\/somnoclub-10\/","title":{"rendered":"Somnoclub &#8211; Cas complexes en apn\u00e9es du sommeil."},"content":{"rendered":"<p class=\"xmsonormal\"><span lang=\"FR-CA\">Le R\u00e9seau qu\u00e9b\u00e9cois de recherche sur le sommeil vous invite \u00e0 une conf\u00e9rence du Somnoclub!<br \/>\n<\/span><\/p>\n<p class=\"xmsonormal\">Lieu : En virtuel par Zoom d\u00e8s 17h30.<\/p>\n<p>Pr\u00e9sentateur : John Kimoff, pneumologue, Centre universitaire de sant\u00e9 McGill<\/p>\n<p>Mod\u00e9ratrice : Annie Lajoie, pneumologue, Institut universitaire de cardiologie et de pneumologie de Qu\u00e9bec<\/p>\n<p>Public cible : Pneumologues, omnipraticiens, chercheur(e)s ayant un int\u00e9r\u00eat pour les sciences cliniques, technologues travaillant en clinique du sommeil<\/p>\n<p>Cette conf\u00e9rence s&rsquo;adresse \u00e0 des professionnel(le)s de la sant\u00e9 sp\u00e9cialis\u00e9(e)s en troubles du sommeil et n&rsquo;est pas destin\u00e9e au grand public.<\/p>\n<p>Objectifs p\u00e9dagogiques sp\u00e9cifiques :<\/p>\n<ul>\n<li>Discuter des cas cliniques pr\u00e9sentant un trouble respiratoire du sommeil complexe et analyser des trac\u00e9s polygraphiques de ces patients.<\/li>\n<li>Proposer des interventions en consid\u00e9rant la complexit\u00e9 de la condition et des comorbidit\u00e9s.<\/li>\n<li>Identifier les facteurs facilitateurs et les barri\u00e8res dans la mise en place de l\u2019intervention.<\/li>\n<\/ul>\n<p>Pour toutes questions, contactez-nous : <a href=\"mailto:info@reseausommeil.ca\">info@reseausommeil.ca<\/a><\/p>\n<h3>Activit\u00e9 de d\u00e9veloppement professionnel reconnue<\/h3>\n<p>La pr\u00e9sente activit\u00e9 est une activit\u00e9 de formation collective agr\u00e9\u00e9e (section 1) au sens que lui donne le programme de Maintien du certificat (MDC) du Coll\u00e8ge royal des m\u00e9decins et chirurgiens du Canada ainsi qu\u2019une activit\u00e9 de d\u00e9veloppement professionnel reconnue (cat\u00e9gorie A) au sens que lui donne le Coll\u00e8ge des m\u00e9decins du Qu\u00e9bec. Cette activit\u00e9 a \u00e9t\u00e9 approuv\u00e9e par la direction de D\u00e9veloppement professionnel continu (DDPC) de la F\u00e9d\u00e9ration des m\u00e9decins sp\u00e9cialistes du Qu\u00e9bec.<\/p>\n<p>Vous pouvez d\u00e9clarer un maximum de 1 heure en section 1 \/ activit\u00e9 de d\u00e9veloppement professionnel reconnue (cat\u00e9gorie A). Les participants doivent r\u00e9clamer un nombre d\u2019heures conforme \u00e0 la dur\u00e9e de leur participation.<\/p>\n<h3>Le Somnoclub<\/h3>\n<p><span lang=\"FR-CA\">Le Somnoclub est une s\u00e9rie de rencontres \u00e9ducatives interprofessionnelles organis\u00e9es par le R\u00e9seau qu\u00e9b\u00e9cois de recherche sur le sommeil permettant le partage d\u2019expertise sur les troubles du sommeil. Les objectifs du Somnoclub sont d&rsquo;effectuer une mise \u00e0 jour sur les meilleures pratiques cliniques en m\u00e9decine du sommeil ainsi que de discuter des r\u00e9centes donn\u00e9es probantes issues de la litt\u00e9rature et des meilleures pratiques pour la prise en charge des pathologies du sommeil avec les coll\u00e8gues de toutes les disciplines concern\u00e9es. Chaque activit\u00e9 consistera en une pr\u00e9sentation d\u2019environ 45 minutes suivie d\u2019une p\u00e9riode de questions et de discussion de 15 minutes. Une attestation de pr\u00e9sence sera remise aux participants.<br \/>\n<\/span><\/p>\n<h3>Comit\u00e9 scientifique du Somnoclub<\/h3>\n<p>Dr Alex Desautels, neurologue<br \/>\nDr Vincent Jobin, pneumologue<br \/>\nDre Annie Christine Lajoie, pneumologue<br \/>\nDre Nadia Gosselin, neuropsychologue<br \/>\nH\u00e9l\u00e8ne Blais, technologue en \u00e9lectrophysiologie m\u00e9dicale<\/p>\n<h3>Comit\u00e9 organisateur du Somnoclub<\/h3>\n<p>H\u00e9l\u00e8ne Blais, technologue en \u00e9lectrophysiologie m\u00e9dicale<br \/>\nTyna Paquette, coordonnatrice du R\u00e9seau Sommeil<br \/>\nFlorence Lambert-Beaudet, coordonnatrice du R\u00e9seau Sommeil<\/p>","protected":false},"excerpt":{"rendered":"<p>For deferred access to the conference, please contact: info@reseausommeil.ca.<\/p>","protected":false},"author":1,"featured_media":2625,"comment_status":"closed","ping_status":"closed","template":"","tags":[20],"mec_category":[7],"class_list":{"0":"post-2564","1":"mec-events","2":"type-mec-events","3":"status-publish","4":"has-post-thumbnail","6":"tag-termine","7":"mec_category-somnoclub"},"acf":[],"_links":{"self":[{"href":"https:\/\/reseausommeil.ca\/en\/wp-json\/wp\/v2\/mec-events\/2564","targetHints":{"allow":["GET"]}}],"collection":[{"href":"https:\/\/reseausommeil.ca\/en\/wp-json\/wp\/v2\/mec-events"}],"about":[{"href":"https:\/\/reseausommeil.ca\/en\/wp-json\/wp\/v2\/types\/mec-events"}],"author":[{"embeddable":true,"href":"https:\/\/reseausommeil.ca\/en\/wp-json\/wp\/v2\/users\/1"}],"replies":[{"embeddable":true,"href":"https:\/\/reseausommeil.ca\/en\/wp-json\/wp\/v2\/comments?post=2564"}],"wp:featuredmedia":[{"embeddable":true,"href":"https:\/\/reseausommeil.ca\/en\/wp-json\/wp\/v2\/media\/2625"}],"wp:attachment":[{"href":"https:\/\/reseausommeil.ca\/en\/wp-json\/wp\/v2\/media?parent=2564"}],"wp:term":[{"taxonomy":"post_tag","embeddable":true,"href":"https:\/\/reseausommeil.ca\/en\/wp-json\/wp\/v2\/tags?post=2564"},{"taxonomy":"mec_category","embeddable":true,"href":"https:\/\/reseausommeil.ca\/en\/wp-json\/wp\/v2\/mec_category?post=2564"}],"curies":[{"name":"wp","href":"https:\/\/api.w.org\/{rel}","templated":true}]}}